{"id":28758,"date":"2024-02-20T12:32:48","date_gmt":"2024-02-20T12:32:48","guid":{"rendered":"https:\/\/hostify.com\/events\/expo-renta-vacacional-2024"},"modified":"2024-09-25T13:04:32","modified_gmt":"2024-09-25T13:04:32","slug":"expo-renta-vacacional-2024","status":"publish","type":"events","link":"https:\/\/hostify.com\/fr\/events\/expo-renta-vacacional-2024","title":{"rendered":"Expo Renta Vacacional 2024"},"content":{"rendered":"\t\t<div data-elementor-type=\"wp-post\" data-elementor-id=\"28758\" class=\"elementor elementor-28758 elementor-28706\" data-elementor-post-type=\"events\">\n\t\t\t\t<div class=\"elementor-element elementor-element-66e94181 e-flex e-con-boxed e-con e-parent\" data-id=\"66e94181\" data-element_type=\"container\" data-e-type=\"container\" data-settings=\"{&quot;background_background&quot;:&quot;classic&quot;}\">\n\t\t\t\t\t<div class=\"e-con-inner\">\n\t\t<div class=\"elementor-element elementor-element-354156f6 e-con-full e-flex e-con e-child\" data-id=\"354156f6\" data-element_type=\"container\" data-e-type=\"container\">\n\t\t\t\t<div class=\"elementor-element elementor-element-c8bb57 elementor-widget elementor-widget-heading\" data-id=\"c8bb57\" data-element_type=\"widget\" data-e-type=\"widget\" data-widget_type=\"heading.default\">\n\t\t\t\t<div class=\"elementor-widget-container\">\n\t\t\t\t\t<h1 class=\"elementor-heading-title elementor-size-default\">Rencontrez l'\u00e9quipe Hostify \u00e0 la Vacation Rental Expo 2024<\/h1>\t\t\t\t<\/div>\n\t\t\t\t<\/div>\n\t\t\t\t<div class=\"elementor-element elementor-element-4ad49d0a elementor-widget elementor-widget-text-editor\" data-id=\"4ad49d0a\" data-element_type=\"widget\" data-e-type=\"widget\" data-widget_type=\"text-editor.default\">\n\t\t\t\t<div class=\"elementor-widget-container\">\n\t\t\t\t\t\t\t\t\t<p>Nous sommes ravis de participer \u00e0 la Vacation Rental Expo 2024 au Mexique, pour vous rencontrer en personne.<\/p><p>R\u00e9servez un rendez-vous avec notre \u00e9quipe pour voir notre plateforme en action, d\u00e9couvrez les derni\u00e8res fonctionnalit\u00e9s et posez \u00e0 notre \u00e9quipe toutes vos questions.<\/p>\t\t\t\t\t\t\t\t<\/div>\n\t\t\t\t<\/div>\n\t\t\t\t<div class=\"elementor-element elementor-element-768b3731 elementor-align-left elementor-widget elementor-widget-post-info\" data-id=\"768b3731\" data-element_type=\"widget\" data-e-type=\"widget\" data-widget_type=\"post-info.default\">\n\t\t\t\t<div class=\"elementor-widget-container\">\n\t\t\t\t\t\t\t<ul class=\"elementor-inline-items elementor-icon-list-items elementor-post-info\">\n\t\t\t\t\t\t\t\t<li class=\"elementor-icon-list-item elementor-repeater-item-dd9961c elementor-inline-item\">\n\t\t\t\t\t\t\t\t\t\t<span class=\"elementor-icon-list-icon\">\n\t\t\t\t\t\t\t\t<svg aria-hidden=\"true\" class=\"e-font-icon-svg e-far-calendar-alt\" viewBox=\"0 0 448 512\" xmlns=\"http:\/\/www.w3.org\/2000\/svg\"><path d=\"M148 288h-40c-6.6 0-12-5.4-12-12v-40c0-6.6 5.4-12 12-12h40c6.6 0 12 5.4 12 12v40c0 6.6-5.4 12-12 12zm108-12v-40c0-6.6-5.4-12-12-12h-40c-6.6 0-12 5.4-12 12v40c0 6.6 5.4 12 12 12h40c6.6 0 12-5.4 12-12zm96 0v-40c0-6.6-5.4-12-12-12h-40c-6.6 0-12 5.4-12 12v40c0 6.6 5.4 12 12 12h40c6.6 0 12-5.4 12-12zm-96 96v-40c0-6.6-5.4-12-12-12h-40c-6.6 0-12 5.4-12 12v40c0 6.6 5.4 12 12 12h40c6.6 0 12-5.4 12-12zm-96 0v-40c0-6.6-5.4-12-12-12h-40c-6.6 0-12 5.4-12 12v40c0 6.6 5.4 12 12 12h40c6.6 0 12-5.4 12-12zm192 0v-40c0-6.6-5.4-12-12-12h-40c-6.6 0-12 5.4-12 12v40c0 6.6 5.4 12 12 12h40c6.6 0 12-5.4 12-12zm96-260v352c0 26.5-21.5 48-48 48H48c-26.5 0-48-21.5-48-48V112c0-26.5 21.5-48 48-48h48V12c0-6.6 5.4-12 12-12h40c6.6 0 12 5.4 12 12v52h128V12c0-6.6 5.4-12 12-12h40c6.6 0 12 5.4 12 12v52h48c26.5 0 48 21.5 48 48zm-48 346V160H48v298c0 3.3 2.7 6 6 6h340c3.3 0 6-2.7 6-6z\"><\/path><\/svg>\t\t\t\t\t\t\t<\/span>\n\t\t\t\t\t\t\t\t\t<span class=\"elementor-icon-list-text elementor-post-info__item elementor-post-info__item--type-custom\">\n\t\t\t\t\t\t\t\t\t\t01\/07\/2024\t\t\t\t\t<\/span>\n\t\t\t\t\t\t\t\t<\/li>\n\t\t\t\t<\/ul>\n\t\t\t\t\t\t<\/div>\n\t\t\t\t<\/div>\n\t\t\t\t<\/div>\n\t\t<div class=\"elementor-element elementor-element-130bb286 e-con-full e-flex e-con e-child\" data-id=\"130bb286\" data-element_type=\"container\" data-e-type=\"container\" data-settings=\"{&quot;background_background&quot;:&quot;classic&quot;}\">\n\t\t\t\t<div class=\"elementor-element elementor-element-23a1bb45 elementor-widget elementor-widget-image\" data-id=\"23a1bb45\" data-element_type=\"widget\" data-e-type=\"widget\" data-widget_type=\"image.default\">\n\t\t\t\t<div class=\"elementor-widget-container\">\n\t\t\t\t\t\t\t\t\t\t\t\t\t\t\t<img fetchpriority=\"high\" decoding=\"async\" width=\"1800\" height=\"810\" src=\"https:\/\/hostify.com\/wp-content\/uploads\/2024\/02\/Expo-Renta-Vacacional-1.jpg\" class=\"attachment-full size-full wp-image-28729\" alt=\"\" srcset=\"https:\/\/hostify.com\/wp-content\/uploads\/2024\/02\/Expo-Renta-Vacacional-1.jpg 1800w, https:\/\/hostify.com\/wp-content\/uploads\/2024\/02\/Expo-Renta-Vacacional-1-300x135.jpg 300w, https:\/\/hostify.com\/wp-content\/uploads\/2024\/02\/Expo-Renta-Vacacional-1-1024x461.jpg 1024w, https:\/\/hostify.com\/wp-content\/uploads\/2024\/02\/Expo-Renta-Vacacional-1-768x346.jpg 768w, https:\/\/hostify.com\/wp-content\/uploads\/2024\/02\/Expo-Renta-Vacacional-1-1536x691.jpg 1536w\" sizes=\"(max-width: 1800px) 100vw, 1800px\">\t\t\t\t\t\t\t\t\t\t\t\t\t\t\t<\/div>\n\t\t\t\t<\/div>\n\t\t\t\t<\/div>\n\t\t\t\t\t<\/div>\n\t\t\t\t<\/div>\n\t\t<div class=\"elementor-element elementor-element-32ef186a e-flex e-con-boxed e-con e-parent\" data-id=\"32ef186a\" data-element_type=\"container\" data-e-type=\"container\" data-settings=\"{&quot;background_background&quot;:&quot;classic&quot;}\">\n\t\t\t\t\t<div class=\"e-con-inner\">\n\t\t<div class=\"elementor-element elementor-element-2dea7e21 e-con-full e-flex e-con e-child\" data-id=\"2dea7e21\" data-element_type=\"container\" data-e-type=\"container\" data-settings=\"{&quot;background_background&quot;:&quot;classic&quot;}\">\n\t\t\t\t<div class=\"elementor-element elementor-element-51ee39e1 elementor-widget elementor-widget-heading\" data-id=\"51ee39e1\" data-element_type=\"widget\" data-e-type=\"widget\" data-widget_type=\"heading.default\">\n\t\t\t\t<div class=\"elementor-widget-container\">\n\t\t\t\t\t<h3 class=\"elementor-heading-title elementor-size-default\">R\u00e9servez une r\u00e9union.<\/h3>\t\t\t\t<\/div>\n\t\t\t\t<\/div>\n\t\t\t\t<div class=\"elementor-element elementor-element-1ecc951b elementor-widget elementor-widget-html\" data-id=\"1ecc951b\" data-element_type=\"widget\" data-e-type=\"widget\" data-widget_type=\"html.default\">\n\t\t\t\t<div class=\"elementor-widget-container\">\n\t\t\t\t\t<script charset=\"utf-8\" type=\"text\/javascript\" src=\"\/\/js.hsforms.net\/forms\/embed\/v2.js\"><\/script><script>hbspt.forms.create({\n    region: \"na1\",\n    portalId: \"5828152\",\n    formId: \"88500a23-0945-46f8-9d3c-424f81e94529\"\n  });\n<\/script>\t\t\t\t<\/div>\n\t\t\t\t<\/div>\n\t\t\t\t<\/div>\n\t\t<div class=\"elementor-element elementor-element-1ad6229d e-con-full e-flex e-con e-child\" data-id=\"1ad6229d\" data-element_type=\"container\" data-e-type=\"container\">\n\t\t\t\t<div class=\"elementor-element elementor-element-1be05d1c elementor-widget elementor-widget-heading\" data-id=\"1be05d1c\" data-element_type=\"widget\" data-e-type=\"widget\" data-widget_type=\"heading.default\">\n\t\t\t\t<div class=\"elementor-widget-container\">\n\t\t\t\t\t<h3 class=\"elementor-heading-title elementor-size-default\">Comment nous trouver<\/h3>\t\t\t\t<\/div>\n\t\t\t\t<\/div>\n\t\t\t\t<div class=\"elementor-element elementor-element-d49649d elementor-widget elementor-widget-google_maps\" data-id=\"d49649d\" data-element_type=\"widget\" data-e-type=\"widget\" data-widget_type=\"google_maps.default\">\n\t\t\t\t<div class=\"elementor-widget-container\">\n\t\t\t\t\t\t\t<div class=\"elementor-custom-embed\">\n\t\t\t<iframe loading=\"lazy\"\n\t\t\t\t\tsrc=\"https:\/\/maps.google.com\/maps?q=Puerto%20Vallarta&#038;t=m&#038;z=15&#038;output=embed&#038;iwloc=near\"\n\t\t\t\t\ttitle=\"Puerto Vallarta\"\n\t\t\t\t\taria-label=\"Puerto Vallarta\"\n\t\t\t><\/iframe>\n\t\t<\/div>\n\t\t\t\t\t\t<\/div>\n\t\t\t\t<\/div>\n\t\t\t\t<div class=\"elementor-element elementor-element-23cd0864 elementor-icon-list--layout-traditional elementor-list-item-link-full_width elementor-widget elementor-widget-icon-list\" data-id=\"23cd0864\" data-element_type=\"widget\" data-e-type=\"widget\" data-widget_type=\"icon-list.default\">\n\t\t\t\t<div class=\"elementor-widget-container\">\n\t\t\t\t\t\t\t<ul class=\"elementor-icon-list-items\">\n\t\t\t\t\t\t\t<li class=\"elementor-icon-list-item\">\n\t\t\t\t\t\t\t\t\t\t\t<span class=\"elementor-icon-list-icon\">\n\t\t\t\t\t\t\t<svg aria-hidden=\"true\" class=\"e-font-icon-svg e-far-calendar\" viewBox=\"0 0 448 512\" xmlns=\"http:\/\/www.w3.org\/2000\/svg\"><path d=\"M400 64h-48V12c0-6.6-5.4-12-12-12h-40c-6.6 0-12 5.4-12 12v52H160V12c0-6.6-5.4-12-12-12h-40c-6.6 0-12 5.4-12 12v52H48C21.5 64 0 85.5 0 112v352c0 26.5 21.5 48 48 48h352c26.5 0 48-21.5 48-48V112c0-26.5-21.5-48-48-48zm-6 400H54c-3.3 0-6-2.7-6-6V160h352v298c0 3.3-2.7 6-6 6z\"><\/path><\/svg>\t\t\t\t\t\t<\/span>\n\t\t\t\t\t\t\t\t\t\t<span class=\"elementor-icon-list-text\">July 1st SMA \/ July 3rd PVR \/ July 5th SJD<\/span>\n\t\t\t\t\t\t\t\t\t<\/li>\n\t\t\t\t\t\t\t\t<li class=\"elementor-icon-list-item\">\n\t\t\t\t\t\t\t\t\t\t\t<span class=\"elementor-icon-list-icon\">\n\t\t\t\t\t\t\t<svg aria-hidden=\"true\" class=\"e-font-icon-svg e-fas-map-marker-alt\" viewBox=\"0 0 384 512\" xmlns=\"http:\/\/www.w3.org\/2000\/svg\"><path d=\"M172.268 501.67C26.97 291.031 0 269.413 0 192 0 85.961 85.961 0 192 0s192 85.961 192 192c0 77.413-26.97 99.031-172.268 309.67-9.535 13.774-29.93 13.773-39.464 0zM192 272c44.183 0 80-35.817 80-80s-35.817-80-80-80-80 35.817-80 80 35.817 80 80 80z\"><\/path><\/svg>\t\t\t\t\t\t<\/span>\n\t\t\t\t\t\t\t\t\t\t<span class=\"elementor-icon-list-text\">San Miguel de Allende, Puerto Vallarta, Los Cabos<\/span>\n\t\t\t\t\t\t\t\t\t<\/li>\n\t\t\t\t\t\t<\/ul>\n\t\t\t\t\t\t<\/div>\n\t\t\t\t<\/div>\n\t\t\t\t<\/div>\n\t\t\t\t\t<\/div>\n\t\t\t\t<\/div>\n\t\t<div class=\"elementor-element elementor-element-7158853 e-flex e-con-boxed e-con e-parent\" data-id=\"7158853\" data-element_type=\"container\" data-e-type=\"container\">\n\t\t\t\t\t<div class=\"e-con-inner\">\n\t\t<div class=\"elementor-element elementor-element-dfc713d e-con-full e-flex e-con e-child\" data-id=\"dfc713d\" data-element_type=\"container\" data-e-type=\"container\">\n\t\t\t\t<div class=\"elementor-element elementor-element-8c1fcf0 elementor-widget elementor-widget-heading\" data-id=\"8c1fcf0\" data-element_type=\"widget\" data-e-type=\"widget\" data-widget_type=\"heading.default\">\n\t\t\t\t<div class=\"elementor-widget-container\">\n\t\t\t\t\t<h2 class=\"elementor-heading-title elementor-size-default\">\u00c0 propos de l'\u00e9v\u00e9nement<\/h2>\t\t\t\t<\/div>\n\t\t\t\t<\/div>\n\t\t\t\t<div class=\"elementor-element elementor-element-9207887 elementor-widget elementor-widget-text-editor\" data-id=\"9207887\" data-element_type=\"widget\" data-e-type=\"widget\" data-widget_type=\"text-editor.default\">\n\t\t\t\t<div class=\"elementor-widget-container\">\n\t\t\t\t\t\t\t\t\t<p>Expo Renta Vacacional est une conf\u00e9rence, un \u00e9v\u00e9nement, un congr\u00e8s et une exposition de premier plan con\u00e7us sp\u00e9cifiquement pour les gestionnaires immobiliers professionnels et les h\u00f4tes de l&rsquo;industrie de la location de vacances. Ce rassemblement sert de plateforme vitale visant \u00e0 responsabiliser les personnes impliqu\u00e9es dans la gestion des propri\u00e9t\u00e9s de vacances, en leur offrant des connaissances pr\u00e9cieuses, des outils et des ressources pour am\u00e9liorer leur expertise professionnelle et \u00e9lever leurs entreprises \u00e0 de nouveaux sommets.<\/p>\n\t\t\t\t\t\t\t\t<\/div>\n\t\t\t\t<\/div>\n\t\t\t\t<div class=\"elementor-element elementor-element-0926d34 elementor-align-left elementor-widget elementor-widget-button\" data-id=\"0926d34\" data-element_type=\"widget\" data-e-type=\"widget\" data-widget_type=\"button.default\">\n\t\t\t\t<div class=\"elementor-widget-container\">\n\t\t\t\t\t\t\t\t\t<div class=\"elementor-button-wrapper\">\n\t\t\t\t\t<a class=\"elementor-button elementor-button-link elementor-size-sm elementor-animation-grow\" href=\"https:\/\/www.exporentavacacional.com\/exporv-urban\" target=\"_blank\" rel=\"nofollow noopener\">\n\t\t\t\t\t\t<span class=\"elementor-button-content-wrapper\">\n\t\t\t\t\t\t\t\t\t<span class=\"elementor-button-text\">Obtenez vos billets<\/span>\n\t\t\t\t\t<\/span>\n\t\t\t\t\t<\/a>\n\t\t\t\t<\/div>\n\t\t\t\t\t\t\t\t<\/div>\n\t\t\t\t<\/div>\n\t\t\t\t<\/div>\n\t\t<div class=\"elementor-element elementor-element-88da0fd e-con-full e-flex e-con e-child\" data-id=\"88da0fd\" data-element_type=\"container\" data-e-type=\"container\">\n\t\t\t\t<div class=\"elementor-element elementor-element-b7be2a8 elementor-widget elementor-widget-image\" data-id=\"b7be2a8\" data-element_type=\"widget\" data-e-type=\"widget\" data-widget_type=\"image.default\">\n\t\t\t\t<div class=\"elementor-widget-container\">\n\t\t\t\t\t\t\t\t\t\t\t\t\t\t\t<img decoding=\"async\" width=\"500\" height=\"338\" src=\"https:\/\/hostify.com\/wp-content\/uploads\/2024\/02\/ExpoRV-Connect.png\" class=\"attachment-full size-full wp-image-28747\" alt=\"\" srcset=\"https:\/\/hostify.com\/wp-content\/uploads\/2024\/02\/ExpoRV-Connect.png 500w, https:\/\/hostify.com\/wp-content\/uploads\/2024\/02\/ExpoRV-Connect-300x203.png 300w\" sizes=\"(max-width: 500px) 100vw, 500px\">\t\t\t\t\t\t\t\t\t\t\t\t\t\t\t<\/div>\n\t\t\t\t<\/div>\n\t\t\t\t<\/div>\n\t\t\t\t\t<\/div>\n\t\t\t\t<\/div>\n\t\t\t\t<\/div>\n\t\t","protected":false},"excerpt":{"rendered":"<p>Expo Renta Vacacional est une conf\u00e9rence, un \u00e9v\u00e9nement, un congr\u00e8s et une exposition de premier plan con\u00e7us sp\u00e9cifiquement pour les gestionnaires immobiliers professionnels et les h\u00f4tes de l&rsquo;industrie de la location de vacances. <\/p>\n","protected":false},"author":3,"featured_media":39255,"template":"elementor_header_footer","meta":{"_acf_changed":false,"content-type":"","footnotes":""},"event_type_tax":[],"class_list":["post-28758","events","type-events","status-publish","has-post-thumbnail","hentry"],"acf":[],"_links":{"self":[{"href":"https:\/\/hostify.com\/fr\/wp-json\/wp\/v2\/events\/28758","targetHints":{"allow":["GET"]}}],"collection":[{"href":"https:\/\/hostify.com\/fr\/wp-json\/wp\/v2\/events"}],"about":[{"href":"https:\/\/hostify.com\/fr\/wp-json\/wp\/v2\/types\/events"}],"author":[{"embeddable":true,"href":"https:\/\/hostify.com\/fr\/wp-json\/wp\/v2\/users\/3"}],"version-history":[{"count":0,"href":"https:\/\/hostify.com\/fr\/wp-json\/wp\/v2\/events\/28758\/revisions"}],"wp:featuredmedia":[{"embeddable":true,"href":"https:\/\/hostify.com\/fr\/wp-json\/wp\/v2\/media\/39255"}],"wp:attachment":[{"href":"https:\/\/hostify.com\/fr\/wp-json\/wp\/v2\/media?parent=28758"}],"wp:term":[{"taxonomy":"event_type_tax","embeddable":true,"href":"https:\/\/hostify.com\/fr\/wp-json\/wp\/v2\/event_type_tax?post=28758"}],"curies":[{"name":"wp","href":"https:\/\/api.w.org\/{rel}","templated":true}]}}